{"id":112017,"date":"2026-06-12T08:55:04","date_gmt":"2026-06-12T08:55:04","guid":{"rendered":"https:\/\/cliniclesalpes.com\/a-propos\/message-de-notre-fondateur\/"},"modified":"2026-09-02T13:29:56","modified_gmt":"2026-09-02T13:29:56","slug":"message-de-notre-fondateur","status":"publish","type":"page","link":"https:\/\/cliniclesalpes.com\/fr\/a-propos\/message-de-notre-fondateur\/","title":{"rendered":"\u00c0 propos"},"content":{"rendered":"","protected":false},"excerpt":{"rendered":"<p>Clinic Les Alpes est un havre de discr\u00e9tion et d&rsquo;isolement absolus, nich\u00e9 dans un cadre montagnard d&rsquo;une beaut\u00e9 naturelle remarquable, non loin de la ville de Montreux, en Suisse. La clinique b\u00e9n\u00e9ficie \u00e9galement d&rsquo;un acc\u00e8s ais\u00e9 aux principaux a\u00e9roports suisses.  <\/p>\n<p>D\u00fbment agr\u00e9\u00e9e par les autorit\u00e9s sanitaires suisses, cette clinique d&rsquo;exception accompagne patients et familles confront\u00e9s \u00e0 des probl\u00e9matiques de d\u00e9pendance, qu&rsquo;elles soient li\u00e9es \u00e0 des substances ou \u00e0 des comportements, ainsi qu&rsquo;\u00e0 des troubles \u00e9motionnels et psychiques invalidants tels que l&rsquo;anxi\u00e9t\u00e9, le stress, la d\u00e9pression ou le burnout.<\/p>\n<p>Clinic Les Alpes offre une approche th\u00e9rapeutique enti\u00e8rement int\u00e9gr\u00e9e. Chaque patient b\u00e9n\u00e9ficie d&rsquo;un programme sur mesure, \u00e9labor\u00e9 en collaboration avec l&rsquo;\u00e9quipe m\u00e9dicale, r\u00e9pondant \u00e0 ses besoins et exigences propres.<\/p>\n<p>L&rsquo;expertise d&rsquo;une \u00e9quipe internationale, hautement qualifi\u00e9e et pluridisciplinaire, r\u00e9unissant m\u00e9decins, psychiatres, psychoth\u00e9rapeutes et praticiens en m\u00e9decines compl\u00e9mentaires, est \u00e0 la disposition, 24 heures sur 24 et 7 jours sur 7, des patients et de leurs familles adress\u00e9s des quatre coins du monde. La clinique est multilingue, l&rsquo;anglais en \u00e9tant la langue principale. <\/p>\n<p>Clinic Les Alpes s\u00e9duit par le raffinement de ses am\u00e9nagements. Chacune des chambres priv\u00e9es, dot\u00e9es d&rsquo;une salle de bain attenante, offre une vue splendide sur le lac L\u00e9man, les sommets enneig\u00e9s et les alpages. Sous le b\u00e2timent principal du ch\u00e2teau, trois niveaux ont \u00e9t\u00e9 creus\u00e9s \u00e0 m\u00eame la roche. Baign\u00e9s de lumi\u00e8re naturelle, ils abritent des installations m\u00e9dicales et th\u00e9rapeutiques \u00e0 la pointe de la technologie, ainsi qu&rsquo;un \u00e9tage enti\u00e8rement d\u00e9di\u00e9 \u00e0 un spa m\u00e9dical complet. <\/p>\n<p>Nombreux sont les \u00e9tablissements qui revendiquent l&rsquo;excellence. Clinic Les Alpes, elle, a fait le choix de la d\u00e9finir. <\/p>\n","protected":false},"author":1,"featured_media":115056,"parent":112015,"menu_order":0,"comment_status":"closed","ping_status":"closed","template":"","meta":{"_acf_changed":false,"footnotes":""},"class_list":["post-112017","page","type-page","status-publish","has-post-thumbnail","hentry"],"acf":[],"_links":{"self":[{"href":"https:\/\/cliniclesalpes.com\/fr\/wp-json\/wp\/v2\/pages\/112017","targetHints":{"allow":["GET"]}}],"collection":[{"href":"https:\/\/cliniclesalpes.com\/fr\/wp-json\/wp\/v2\/pages"}],"about":[{"href":"https:\/\/cliniclesalpes.com\/fr\/wp-json\/wp\/v2\/types\/page"}],"author":[{"embeddable":true,"href":"https:\/\/cliniclesalpes.com\/fr\/wp-json\/wp\/v2\/users\/1"}],"replies":[{"embeddable":true,"href":"https:\/\/cliniclesalpes.com\/fr\/wp-json\/wp\/v2\/comments?post=112017"}],"version-history":[{"count":2,"href":"https:\/\/cliniclesalpes.com\/fr\/wp-json\/wp\/v2\/pages\/112017\/revisions"}],"predecessor-version":[{"id":115084,"href":"https:\/\/cliniclesalpes.com\/fr\/wp-json\/wp\/v2\/pages\/112017\/revisions\/115084"}],"up":[{"embeddable":true,"href":"https:\/\/cliniclesalpes.com\/fr\/wp-json\/wp\/v2\/pages\/112015"}],"wp:featuredmedia":[{"embeddable":true,"href":"https:\/\/cliniclesalpes.com\/fr\/wp-json\/wp\/v2\/media\/115056"}],"wp:attachment":[{"href":"https:\/\/cliniclesalpes.com\/fr\/wp-json\/wp\/v2\/media?parent=112017"}],"curies":[{"name":"wp","href":"https:\/\/api.w.org\/{rel}","templated":true}]}}